{"id":17132,"date":"2025-06-12T18:19:55","date_gmt":"2025-06-12T16:19:55","guid":{"rendered":"https:\/\/oraziopuglisi.art\/?page_id=17132"},"modified":"2025-06-12T18:22:23","modified_gmt":"2025-06-12T16:22:23","slug":"saint-francois-en-meditation","status":"publish","type":"page","link":"https:\/\/oraziopuglisi.art\/index.php\/saint-francois-en-meditation\/","title":{"rendered":"Saint Fran\u00e7ois en M\u00e9ditation"},"content":{"rendered":"<p style=\"text-align: center;\"><a href=\"https:\/\/fr.wikipedia.org\/wiki\/Saint_Fran%C3%A7ois_en_m%C3%A9ditation\">Saint Fran\u00e7ois en M\u00e9ditation<\/a><\/p>\n<p>&nbsp;<\/p>\n<p style=\"text-align: justify;\"><i><b>Saint Fran\u00e7ois en m\u00e9ditation<\/b><\/i>\u00a0est un <strong>tableau<\/strong> de\u00a0<a title=\"Le Caravage\" href=\"https:\/\/fr.wikipedia.org\/wiki\/Le_Caravage\">Caravage<\/a>, sans doute peint dans les ann\u00e9es 1600, red\u00e9couvert en 1968 et d\u00e9sormais conserv\u00e9 \u00e0 la\u00a0<a class=\"mw-redirect\" title=\"Galerie nationale d'art ancien (Rome)\" href=\"https:\/\/fr.wikipedia.org\/wiki\/Galerie_nationale_d%27art_ancien_(Rome)\">Galerie nationale d&rsquo;art ancien<\/a>\u00a0de\u00a0<a title=\"Rome\" href=\"https:\/\/fr.wikipedia.org\/wiki\/Rome\">Rome<\/a>. Il en existe une autre version contemporaine tr\u00e8s similaire, conserv\u00e9e dans une \u00e9glise romaine et qui pourrait \u00eatre une copie autographe de Caravage lui-m\u00eame. Toutefois, de nombreux d\u00e9bats d&rsquo;attribution et de datation continuent d&rsquo;agiter la communaut\u00e9 des experts autour de ces deux traitements du m\u00eame th\u00e8me.<\/p>\n<p style=\"text-align: justify;\">Le tableau repr\u00e9sente\u00a0<a title=\"Fran\u00e7ois d'Assise\" href=\"https:\/\/fr.wikipedia.org\/wiki\/Fran%C3%A7ois_d%27Assise\">Fran\u00e7ois d&rsquo;Assise<\/a>, fondateur de l&rsquo;<a title=\"Ordre des Fr\u00e8res mineurs\" href=\"https:\/\/fr.wikipedia.org\/wiki\/Ordre_des_Fr%C3%A8res_mineurs\">ordre des Fr\u00e8res mineurs<\/a>\u00a0et grande figure de l&rsquo;\u00c9glise catholique, en profonde m\u00e9ditation devant un cr\u00e2ne humain qu&rsquo;il tient \u00e0 la main. Un grand\u00a0<a title=\"Crucifix\" href=\"https:\/\/fr.wikipedia.org\/wiki\/Crucifix\">crucifix<\/a>\u00a0est pos\u00e9 devant lui, et le d\u00e9cor tr\u00e8s sombre et indistinct focalise toute l&rsquo;attention du spectateur sur le seul personnage.<\/p>\n<div class=\"mw-heading mw-heading2\">\n<h2 id=\"Historique\">Historique<\/h2>\n<\/div>\n<p style=\"text-align: justify;\">Ce tableau est retrouv\u00e9 par la chercheuse Maria Vittoria Brugnoli en 1968 dans l&rsquo;\u00e9glise San Pietro de\u00a0<a title=\"Carpineto Romano\" href=\"https:\/\/fr.wikipedia.org\/wiki\/Carpineto_Romano\">Carpineto Romano<\/a>\u00a0dans le\u00a0<a title=\"Latium\" href=\"https:\/\/fr.wikipedia.org\/wiki\/Latium\">Latium<\/a>, avant de rentrer dans les collections nationales de l&rsquo;Italie<sup id=\"cite_ref-mus\u00e9eFiche_du_mus\u00e9e,_galerie_Barberini_1-0\" class=\"reference\"><a href=\"https:\/\/fr.wikipedia.org\/wiki\/Saint_Fran%C3%A7ois_en_m%C3%A9ditation#cite_note-mus%C3%A9eFiche_du_mus%C3%A9e,_galerie_Barberini-1\"><span class=\"cite-bracket\">[<\/span>1<span class=\"cite-bracket\">]<\/span><\/a><\/sup>. Une copie remarquablement similaire se trouve \u00e9galement dans l&rsquo;<a title=\"\u00c9glise Santa Maria della Concezione dei Cappuccini\" href=\"https:\/\/fr.wikipedia.org\/wiki\/%C3%89glise_Santa_Maria_della_Concezione_dei_Cappuccini\">\u00e9glise Santa Maria della Concezione dei Cappuccini<\/a>\u00a0de Rome<sup id=\"cite_ref-mus\u00e9eFiche_du_mus\u00e9e,_galerie_Barberini_1-1\" class=\"reference\"><a href=\"https:\/\/fr.wikipedia.org\/wiki\/Saint_Fran%C3%A7ois_en_m%C3%A9ditation#cite_note-mus%C3%A9eFiche_du_mus%C3%A9e,_galerie_Barberini-1\"><span class=\"cite-bracket\">[<\/span>1<span class=\"cite-bracket\">]<\/span><\/a><\/sup>\u00a0: jusqu&rsquo;\u00e0 la red\u00e9couverte du tableau de Carpineto, c&rsquo;est le tableau de Rome qui \u00e9tait consid\u00e9r\u00e9 comme l&rsquo;original<sup id=\"cite_ref-Jacquemart-Andr\u00e9Cappelletti_''et_alii''_2018141_2-0\" class=\"reference\"><a href=\"https:\/\/fr.wikipedia.org\/wiki\/Saint_Fran%C3%A7ois_en_m%C3%A9ditation#cite_note-Jacquemart-Andr%C3%A9Cappelletti_''et_alii''_2018141-2\"><span class=\"cite-bracket\">[<\/span>2<span class=\"cite-bracket\">]<\/span><\/a><\/sup>.<\/p>\n<p style=\"text-align: justify;\">La date pr\u00e9cise de cr\u00e9ation de l\u2019\u0153uvre est sujette \u00e0 d\u00e9bats, et peut aller par exemple d&rsquo;environ\u00a0<a title=\"1595 en arts plastiques\" href=\"https:\/\/fr.wikipedia.org\/wiki\/1595_en_arts_plastiques\">1595<\/a>\u00a0pour John T.Spike<sup id=\"cite_ref-Spike201053_3-0\" class=\"reference\"><a href=\"https:\/\/fr.wikipedia.org\/wiki\/Saint_Fran%C3%A7ois_en_m%C3%A9ditation#cite_note-Spike201053-3\"><span class=\"cite-bracket\">[<\/span>3<span class=\"cite-bracket\">]<\/span><\/a><\/sup>\u00a0\u00e0\u00a0<a title=\"1603 en arts plastiques\" href=\"https:\/\/fr.wikipedia.org\/wiki\/1603_en_arts_plastiques\">1603<\/a>\u00a0pour\u00a0<a title=\"Sybille Ebert-Schifferer\" href=\"https:\/\/fr.wikipedia.org\/wiki\/Sybille_Ebert-Schifferer\">Sybille Ebert-Schifferer<\/a><sup id=\"cite_ref-Ebert-Schifferer2009292_4-0\" class=\"reference\"><a href=\"https:\/\/fr.wikipedia.org\/wiki\/Saint_Fran%C3%A7ois_en_m%C3%A9ditation#cite_note-Ebert-Schifferer2009292-4\"><span class=\"cite-bracket\">[<\/span>4<span class=\"cite-bracket\">]<\/span><\/a><\/sup>\u00a0et jusqu&rsquo;aux alentours de\u00a0<a title=\"1606 en arts plastiques\" href=\"https:\/\/fr.wikipedia.org\/wiki\/1606_en_arts_plastiques\">1606<\/a>\u00a0\u2014\u00a0l&rsquo;ann\u00e9e o\u00f9 Caravage doit fuir Rome o\u00f9 il vient de commettre un meurtre\u00a0\u2014 selon le mus\u00e9e romain qui l&rsquo;abrite<sup id=\"cite_ref-mus\u00e9eFiche_du_mus\u00e9e,_galerie_Barberini_1-2\" class=\"reference\"><a href=\"https:\/\/fr.wikipedia.org\/wiki\/Saint_Fran%C3%A7ois_en_m%C3%A9ditation#cite_note-mus%C3%A9eFiche_du_mus%C3%A9e,_galerie_Barberini-1\"><span class=\"cite-bracket\">[<\/span>1<span class=\"cite-bracket\">]<\/span><\/a><\/sup>. Ces diff\u00e9rentes propositions tendent g\u00e9n\u00e9ralement \u00e0 orienter vers la\u00a0<a title=\"P\u00e9riode romaine de Caravage\" href=\"https:\/\/fr.wikipedia.org\/wiki\/P%C3%A9riode_romaine_de_Caravage\">p\u00e9riode romaine de l&rsquo;artiste<\/a>, avant son exil vers Naples et Malte o\u00f9 il poursuit et ach\u00e8ve ensuite sa carri\u00e8re\u00a0; mais l&rsquo;hypoth\u00e8se d&rsquo;une production en 1606 pourrait correspondre pr\u00e9cis\u00e9ment au tout d\u00e9but de cette p\u00e9riode d&rsquo;exil. En effet, au d\u00e9but de l&rsquo;\u00e9t\u00e9 1606 Caravage s&rsquo;enfuit initialement au sud de Rome, sur les terres de la famille Colonna\u00a0; et c&rsquo;est dans une \u00e9glise de cette r\u00e9gion qu&rsquo;est install\u00e9 le tableau, possiblement command\u00e9 par la famille du cardinal Pietro Aldobrandini (neveu du\u00a0<a title=\"Cl\u00e9ment VIII\" href=\"https:\/\/fr.wikipedia.org\/wiki\/Cl%C3%A9ment_VIII\">pape Cl\u00e9ment VIII<\/a>) qui avait fait construire l&rsquo;\u00e9difice<sup id=\"cite_ref-Jacquemart-Andr\u00e9Cappelletti_''et_alii''_2018141_2-1\" class=\"reference\"><a href=\"https:\/\/fr.wikipedia.org\/wiki\/Saint_Fran%C3%A7ois_en_m%C3%A9ditation#cite_note-Jacquemart-Andr%C3%A9Cappelletti_''et_alii''_2018141-2\"><span class=\"cite-bracket\">[<\/span>2<span class=\"cite-bracket\">]<\/span><\/a><\/sup>.<\/p>\n<div class=\"bandeau-container bandeau-section metadata bandeau-niveau-information\">\n<div class=\"bandeau-cell bandeau-icone-css loupe\">Article d\u00e9taill\u00e9\u00a0:\u00a0<a title=\"P\u00e9riode romaine de Caravage\" href=\"https:\/\/fr.wikipedia.org\/wiki\/P%C3%A9riode_romaine_de_Caravage\">P\u00e9riode romaine de Caravage<\/a>.<\/div>\n<\/div>\n<div class=\"mw-heading mw-heading2\">\n<h2 id=\"Description\">Description<\/h2>\n<p><span class=\"mw-editsection\"><span class=\"mw-editsection-bracket\">[<\/span><a class=\"mw-editsection-visualeditor\" title=\"Modifier la section\u202f: Description\" href=\"https:\/\/fr.wikipedia.org\/w\/index.php?title=Saint_Fran%C3%A7ois_en_m%C3%A9ditation&amp;veaction=edit&amp;section=2\">modifier<\/a><span class=\"mw-editsection-divider\">\u00a0|\u00a0<\/span><a title=\"Modifier le code source de la section : Description\" href=\"https:\/\/fr.wikipedia.org\/w\/index.php?title=Saint_Fran%C3%A7ois_en_m%C3%A9ditation&amp;action=edit&amp;section=2\">modifier le code<\/a><span class=\"mw-editsection-bracket\">]<\/span><\/span><\/div>\n<p style=\"text-align: justify;\">Dans la p\u00e9nombre indistincte de l&rsquo;ermitage appara\u00eet un faisceau de lumi\u00e8re rasante qui \u00e9claire vivement le profil du\u00a0<a title=\"Fran\u00e7ois d'Assise\" href=\"https:\/\/fr.wikipedia.org\/wiki\/Fran%C3%A7ois_d%27Assise\">saint ermite<\/a><sup id=\"cite_ref-Jacquemart-Andr\u00e9Cappelletti_''et_alii''_2018141_2-2\" class=\"reference\"><a href=\"https:\/\/fr.wikipedia.org\/wiki\/Saint_Fran%C3%A7ois_en_m%C3%A9ditation#cite_note-Jacquemart-Andr%C3%A9Cappelletti_''et_alii''_2018141-2\"><span class=\"cite-bracket\">[<\/span>2<span class=\"cite-bracket\">]<\/span><\/a><\/sup>, agenouill\u00e9 dans une posture de profonde m\u00e9ditation. Pr\u00e8s de lui un\u00a0<a title=\"Crucifix\" href=\"https:\/\/fr.wikipedia.org\/wiki\/Crucifix\">crucifix<\/a>\u00a0est pos\u00e9 et l\u00e9g\u00e8rement sur\u00e9lev\u00e9 sur une pierre, mais son attention est toute absorb\u00e9e par la contemplation d&rsquo;un cr\u00e2ne qu&rsquo;il tient \u00e0 la main,\u00a0<span class=\"citation\">\u00ab\u00a0attribut de l&rsquo;ermite p\u00e9nitent\u00a0\u00bb<\/span>\u00a0selon les termes du chercheur Yuri Primarosa<sup id=\"cite_ref-Jacquemart-Andr\u00e9Cappelletti_''et_alii''_2018141_2-3\" class=\"reference\"><a href=\"https:\/\/fr.wikipedia.org\/wiki\/Saint_Fran%C3%A7ois_en_m%C3%A9ditation#cite_note-Jacquemart-Andr%C3%A9Cappelletti_''et_alii''_2018141-2\"><span class=\"cite-bracket\">[<\/span>2<span class=\"cite-bracket\">]<\/span><\/a><\/sup>. Conform\u00e9ment \u00e0 la mystique franciscaine de la pauvret\u00e9 telle que mise en avant par les tenants de la\u00a0<a class=\"mw-redirect\" title=\"R\u00e9forme catholique\" href=\"https:\/\/fr.wikipedia.org\/wiki\/R%C3%A9forme_catholique\">R\u00e9forme catholique<\/a>, l&rsquo;habit de\u00a0<a title=\"Bure (\u00e9toffe)\" href=\"https:\/\/fr.wikipedia.org\/wiki\/Bure_(%C3%A9toffe)\">bure<\/a>\u00a0\u2014\u00a0r\u00eache, d\u00e9chir\u00e9 et rapi\u00e9c\u00e9\u00a0\u2014 est montr\u00e9 de fa\u00e7on tr\u00e8s r\u00e9aliste<sup id=\"cite_ref-Jacquemart-Andr\u00e9Cappelletti_''et_alii''_2018141_2-4\" class=\"reference\"><a href=\"https:\/\/fr.wikipedia.org\/wiki\/Saint_Fran%C3%A7ois_en_m%C3%A9ditation#cite_note-Jacquemart-Andr%C3%A9Cappelletti_''et_alii''_2018141-2\"><span class=\"cite-bracket\">[<\/span>2<span class=\"cite-bracket\">]<\/span><\/a><\/sup>.<\/p>\n<p style=\"text-align: justify;\">La composition \u2014\u00a0absolument r\u00e9duite \u00e0 l&rsquo;essentiel\u00a0\u2014 souligne la gravit\u00e9 de la r\u00e9flexion mystique<sup id=\"cite_ref-Jacquemart-Andr\u00e9Cappelletti_''et_alii''_2018141_2-5\" class=\"reference\"><a href=\"https:\/\/fr.wikipedia.org\/wiki\/Saint_Fran%C3%A7ois_en_m%C3%A9ditation#cite_note-Jacquemart-Andr%C3%A9Cappelletti_''et_alii''_2018141-2\"><span class=\"cite-bracket\">[<\/span>2<span class=\"cite-bracket\">]<\/span><\/a><\/sup>. Le th\u00e8me de la m\u00e9ditation de saint Fran\u00e7ois est tout \u00e0 fait dans l&rsquo;air du temps, toutefois le choix d&rsquo;une m\u00e9ditation sur un cr\u00e2ne plut\u00f4t que sur un crucifix est assez innovante de la part de l&rsquo;artiste<sup id=\"cite_ref-p.294Gregori_1985Gregori_''et_alii''_1985_5-0\" class=\"reference\"><a href=\"https:\/\/fr.wikipedia.org\/wiki\/Saint_Fran%C3%A7ois_en_m%C3%A9ditation#cite_note-p.294Gregori_1985Gregori_''et_alii''_1985-5\"><span class=\"cite-bracket\">[<\/span>5<span class=\"cite-bracket\">]<\/span><\/a><\/sup>.<\/p>\n<p>&nbsp;<\/p>\n<p><img loading=\"lazy\" decoding=\"async\" class=\"alignnone size-full wp-image-17137\" src=\"http:\/\/oraziopuglisi.art\/wp-content\/uploads\/2025\/06\/IMG-20250608-WA0183.jpeg\" alt=\"\" width=\"1440\" height=\"2560\" srcset=\"https:\/\/oraziopuglisi.art\/wp-content\/uploads\/2025\/06\/IMG-20250608-WA0183.jpeg 1440w, https:\/\/oraziopuglisi.art\/wp-content\/uploads\/2025\/06\/IMG-20250608-WA0183-169x300.jpeg 169w, https:\/\/oraziopuglisi.art\/wp-content\/uploads\/2025\/06\/IMG-20250608-WA0183-576x1024.jpeg 576w, https:\/\/oraziopuglisi.art\/wp-content\/uploads\/2025\/06\/IMG-20250608-WA0183-768x1365.jpeg 768w, https:\/\/oraziopuglisi.art\/wp-content\/uploads\/2025\/06\/IMG-20250608-WA0183-864x1536.jpeg 864w, https:\/\/oraziopuglisi.art\/wp-content\/uploads\/2025\/06\/IMG-20250608-WA0183-1152x2048.jpeg 1152w, https:\/\/oraziopuglisi.art\/wp-content\/uploads\/2025\/06\/IMG-20250608-WA0183-1240x2204.jpeg 1240w, https:\/\/oraziopuglisi.art\/wp-content\/uploads\/2025\/06\/IMG-20250608-WA0183-508x903.jpeg 508w\" sizes=\"auto, (max-width: 1440px) 100vw, 1440px\" \/> <img loading=\"lazy\" decoding=\"async\" class=\"alignnone size-full wp-image-17138\" src=\"http:\/\/oraziopuglisi.art\/wp-content\/uploads\/2025\/06\/IMG-20250608-WA0184.jpeg\" alt=\"\" width=\"1440\" height=\"2560\" srcset=\"https:\/\/oraziopuglisi.art\/wp-content\/uploads\/2025\/06\/IMG-20250608-WA0184.jpeg 1440w, https:\/\/oraziopuglisi.art\/wp-content\/uploads\/2025\/06\/IMG-20250608-WA0184-169x300.jpeg 169w, https:\/\/oraziopuglisi.art\/wp-content\/uploads\/2025\/06\/IMG-20250608-WA0184-576x1024.jpeg 576w, https:\/\/oraziopuglisi.art\/wp-content\/uploads\/2025\/06\/IMG-20250608-WA0184-768x1365.jpeg 768w, https:\/\/oraziopuglisi.art\/wp-content\/uploads\/2025\/06\/IMG-20250608-WA0184-864x1536.jpeg 864w, https:\/\/oraziopuglisi.art\/wp-content\/uploads\/2025\/06\/IMG-20250608-WA0184-1152x2048.jpeg 1152w, https:\/\/oraziopuglisi.art\/wp-content\/uploads\/2025\/06\/IMG-20250608-WA0184-1240x2204.jpeg 1240w, https:\/\/oraziopuglisi.art\/wp-content\/uploads\/2025\/06\/IMG-20250608-WA0184-508x903.jpeg 508w\" sizes=\"auto, (max-width: 1440px) 100vw, 1440px\" \/><\/p>\n<div style=\"width: 600px;\" class=\"wp-video\"><video class=\"wp-video-shortcode\" id=\"video-17132-1\" width=\"600\" height=\"1067\" preload=\"metadata\" controls=\"controls\"><source type=\"video\/mp4\" src=\"http:\/\/oraziopuglisi.art\/wp-content\/uploads\/2025\/06\/VID-20250608-WA0185.mp4?_=1\" \/><a href=\"http:\/\/oraziopuglisi.art\/wp-content\/uploads\/2025\/06\/VID-20250608-WA0185.mp4\">http:\/\/oraziopuglisi.art\/wp-content\/uploads\/2025\/06\/VID-20250608-WA0185.mp4<\/a><\/video><\/div>\n","protected":false},"excerpt":{"rendered":"<p>Saint Fran\u00e7ois en M\u00e9ditation &nbsp; Saint Fran\u00e7ois en m\u00e9ditation\u00a0est un tableau de\u00a0Caravage, sans doute peint dans les ann\u00e9es 1600, red\u00e9couvert en 1968 et d\u00e9sormais conserv\u00e9 \u00e0 la\u00a0Galerie nationale d&rsquo;art ancien\u00a0de\u00a0Rome. Il en existe une autre version contemporaine tr\u00e8s similaire, conserv\u00e9e dans une \u00e9glise romaine et qui pourrait \u00eatre une copie autographe de Caravage lui-m\u00eame. Toutefois, [&hellip;]<\/p>\n","protected":false},"author":1,"featured_media":17137,"parent":0,"menu_order":0,"comment_status":"closed","ping_status":"closed","template":"","meta":{"footnotes":""},"class_list":["post-17132","page","type-page","status-publish","has-post-thumbnail","hentry"],"_links":{"self":[{"href":"https:\/\/oraziopuglisi.art\/index.php\/wp-json\/wp\/v2\/pages\/17132","targetHints":{"allow":["GET"]}}],"collection":[{"href":"https:\/\/oraziopuglisi.art\/index.php\/wp-json\/wp\/v2\/pages"}],"about":[{"href":"https:\/\/oraziopuglisi.art\/index.php\/wp-json\/wp\/v2\/types\/page"}],"author":[{"embeddable":true,"href":"https:\/\/oraziopuglisi.art\/index.php\/wp-json\/wp\/v2\/users\/1"}],"replies":[{"embeddable":true,"href":"https:\/\/oraziopuglisi.art\/index.php\/wp-json\/wp\/v2\/comments?post=17132"}],"version-history":[{"count":5,"href":"https:\/\/oraziopuglisi.art\/index.php\/wp-json\/wp\/v2\/pages\/17132\/revisions"}],"predecessor-version":[{"id":17140,"href":"https:\/\/oraziopuglisi.art\/index.php\/wp-json\/wp\/v2\/pages\/17132\/revisions\/17140"}],"wp:featuredmedia":[{"embeddable":true,"href":"https:\/\/oraziopuglisi.art\/index.php\/wp-json\/wp\/v2\/media\/17137"}],"wp:attachment":[{"href":"https:\/\/oraziopuglisi.art\/index.php\/wp-json\/wp\/v2\/media?parent=17132"}],"curies":[{"name":"wp","href":"https:\/\/api.w.org\/{rel}","templated":true}]}}