{"id":16517,"date":"2025-06-09T20:48:54","date_gmt":"2025-06-09T18:48:54","guid":{"rendered":"https:\/\/oraziopuglisi.art\/?page_id=16517"},"modified":"2025-06-10T09:40:43","modified_gmt":"2025-06-10T07:40:43","slug":"place-a-cote-du-palais-farnese-campo-dei-fiori","status":"publish","type":"page","link":"https:\/\/oraziopuglisi.art\/index.php\/place-a-cote-du-palais-farnese-campo-dei-fiori\/","title":{"rendered":"Place \u00e0 c\u00f4t\u00e9 du Palais Farn\u00e8se (campo dei fiori)"},"content":{"rendered":"<p style=\"text-align: center;\"><a href=\"https:\/\/fr.wikipedia.org\/wiki\/Statue_de_Giordano_Bruno\">Campo dei Fiori<\/a><\/p>\n<p style=\"text-align: justify;\">Le\u00a0<b>Campo de\u2019 Fiori<\/b>\u00a0(litt\u00e9ralement le \u00ab\u00a0champ des fleurs\u00a0\u00bb) est une place de\u00a0<a title=\"Rome\" href=\"https:\/\/fr.wikipedia.org\/wiki\/Rome\">Rome<\/a>.<\/p>\n<p style=\"text-align: justify;\">Son nom viendrait du fait qu&rsquo;\u00e0 cet endroit m\u00eame, au\u00a0<a title=\"Moyen \u00c2ge\" href=\"https:\/\/fr.wikipedia.org\/wiki\/Moyen_%C3%82ge\">Moyen \u00c2ge<\/a>, existait une vaste\u00a0<a class=\"mw-redirect\" title=\"Prairies, savanes et brousses temp\u00e9r\u00e9es\" href=\"https:\/\/fr.wikipedia.org\/wiki\/Prairies,_savanes_et_brousses_temp%C3%A9r%C3%A9es\">prairie<\/a>\u00a0domin\u00e9e par la forteresse de la puissante\u00a0<a title=\"Famille Orsini\" href=\"https:\/\/fr.wikipedia.org\/wiki\/Famille_Orsini\">famille Orsini<\/a>.<\/p>\n<p style=\"text-align: justify;\">Cette place tr\u00e8s achaland\u00e9e est situ\u00e9e entre la\u00a0<a title=\"Piazza Navona\" href=\"https:\/\/fr.wikipedia.org\/wiki\/Piazza_Navona\">Piazza Navona<\/a>\u00a0et le\u00a0<a class=\"mw-redirect\" title=\"Palais Farnese\" href=\"https:\/\/fr.wikipedia.org\/wiki\/Palais_Farnese\">Palais Farnese<\/a>. Le Campo de&rsquo; Fiori s&rsquo;\u00e9tendait jadis jusqu&rsquo;au terrain devant le\u00a0<a title=\"Th\u00e9\u00e2tre de Pomp\u00e9e\" href=\"https:\/\/fr.wikipedia.org\/wiki\/Th%C3%A9%C3%A2tre_de_Pomp%C3%A9e\">th\u00e9\u00e2tre de Pomp\u00e9e<\/a>. Au centre du Campo de&rsquo; Fiori, se trouve la statue de\u00a0<a title=\"Giordano Bruno\" href=\"https:\/\/fr.wikipedia.org\/wiki\/Giordano_Bruno\">Giordano Bruno<\/a>, qui rappelle que ce moine dominicain y fut br\u00fbl\u00e9 vif le\u00a0<time class=\"nowrap\" datetime=\"1600-02-17\" data-sort-value=\"1600-02-17\">17 f\u00e9vrier 1600<\/time>.<\/p>\n<p style=\"text-align: justify;\">Tous les jours de la semaine sauf le dimanche se tient un march\u00e9 de fruits et l\u00e9gumes\u00a0; on y trouve \u00e9galement des marchands de poisson .<\/p>\n<div class=\"mw-heading mw-heading2\">\n<h2 id=\"Monuments\">Monuments<\/h2>\n<\/div>\n<ul>\n<li><a title=\"Palais Farn\u00e8se\" href=\"https:\/\/fr.wikipedia.org\/wiki\/Palais_Farn%C3%A8se\">Palais Farn\u00e8se<\/a><\/li>\n<li><a title=\"Palais Spada\" href=\"https:\/\/fr.wikipedia.org\/wiki\/Palais_Spada\">Palais Spada<\/a>, si\u00e8ge du Conseil d&rsquo;\u00c9tat,<\/li>\n<li><a class=\"mw-redirect\" title=\"Palazzo Monte di Piet\u00e0 de Rome\" href=\"https:\/\/fr.wikipedia.org\/wiki\/Palazzo_Monte_di_Piet%C3%A0_de_Rome\">Palais du Mont-de-Pi\u00e9t\u00e9<\/a>, o\u00f9 l&rsquo;on pouvait obtenir un pr\u00eat en gage de biens personnels,<\/li>\n<li>le\u00a0<a title=\"Mus\u00e9e Barracco\" href=\"https:\/\/fr.wikipedia.org\/wiki\/Mus%C3%A9e_Barracco\">Piccola Farnesina<\/a>, o\u00f9 on trouve la collection de sculptures de\u00a0<a title=\"Giovanni Barracco\" href=\"https:\/\/fr.wikipedia.org\/wiki\/Giovanni_Barracco\">Giovanni Barracco<\/a>.<\/li>\n<\/ul>\n<div class=\"mw-heading mw-heading2\">\n<h2 id=\"\u00c9glises\">\u00c9glises<\/h2>\n<\/div>\n<p style=\"text-align: justify;\">De nombreuses \u00e9glises se trouvent \u00e0 proximit\u00e9 du Campo de&rsquo; Fiori, entre autres\u00a0:<\/p>\n<ul style=\"text-align: justify;\">\n<li>l&rsquo;<a class=\"mw-redirect\" title=\"\u00c9glise Santissima Trinit\u00e0 dei Pellegrini\" href=\"https:\/\/fr.wikipedia.org\/wiki\/%C3%89glise_Santissima_Trinit%C3%A0_dei_Pellegrini\">\u00c9glise Santissima Trinit\u00e0 dei Pellegrini<\/a>, o\u00f9 les p\u00e8lerins pauvres arrivant \u00e0 Rome \u00e9taient accueillis,<\/li>\n<li>l&rsquo;<a title=\"\u00c9glise Sant'Eligio degli Orefici\" href=\"https:\/\/fr.wikipedia.org\/wiki\/%C3%89glise_Sant%27Eligio_degli_Orefici\">\u00c9glise Sant&rsquo;Eligio degli Orefici<\/a>, dessin\u00e9e par\u00a0<a title=\"Rapha\u00ebl (peintre)\" href=\"https:\/\/fr.wikipedia.org\/wiki\/Rapha%C3%ABl_(peintre)\">Rapha\u00ebl<\/a>,<\/li>\n<li>l&rsquo;<a title=\"\u00c9glise San Girolamo della Carit\u00e0\" href=\"https:\/\/fr.wikipedia.org\/wiki\/%C3%89glise_San_Girolamo_della_Carit%C3%A0\">\u00c9glise San Girolamo della Carit\u00e0<\/a>, qui renferme l&rsquo;exceptionnelle chapelle Spada de l&rsquo;<a title=\"Architecte\" href=\"https:\/\/fr.wikipedia.org\/wiki\/Architecte\">architecte<\/a>\u00a0et\u00a0<a title=\"Sculpteur\" href=\"https:\/\/fr.wikipedia.org\/wiki\/Sculpteur\">sculpteur<\/a>\u00a0<a title=\"Francesco Borromini\" href=\"https:\/\/fr.wikipedia.org\/wiki\/Francesco_Borromini\">Francesco Borromini<\/a>, consid\u00e9r\u00e9 comme rival du\u00a0<a class=\"mw-redirect\" title=\"Gian Lorenzo Bernini\" href=\"https:\/\/fr.wikipedia.org\/wiki\/Gian_Lorenzo_Bernini\">Bernin<\/a>,<\/li>\n<li>l&rsquo;<a title=\"\u00c9glise Santa Maria in Monserrato degli Spagnoli\" href=\"https:\/\/fr.wikipedia.org\/wiki\/%C3%89glise_Santa_Maria_in_Monserrato_degli_Spagnoli\">\u00c9glise Santa Maria in Monserrato degli Spagnoli<\/a>\u00a0qui renferme un buste du cardinal\u00a0<a class=\"new\" title=\"Pedro Foix de Montoya (page inexistante)\" href=\"https:\/\/fr.wikipedia.org\/w\/index.php?title=Pedro_Foix_de_Montoya&amp;action=edit&amp;redlink=1\">Pedro Foix de Montoya<\/a>\u00a0par\u00a0<a title=\"Le Bernin\" href=\"https:\/\/fr.wikipedia.org\/wiki\/Le_Bernin\">le Bernin<\/a>.<\/li>\n<\/ul>\n<p style=\"text-align: justify;\">\u00c0 deux pas de la statue de Giordano Bruno se trouve le\u00a0<a title=\"Palais de la Chancellerie\" href=\"https:\/\/fr.wikipedia.org\/wiki\/Palais_de_la_Chancellerie\">Palais de la Chancellerie<\/a>, qui abrite les services administratifs du\u00a0<a title=\"Vatican\" href=\"https:\/\/fr.wikipedia.org\/wiki\/Vatican\">Vatican<\/a>, ce qui explique sans doute la volont\u00e9 du Vatican plusieurs fois exprim\u00e9e de faire d\u00e9placer cette sculpture. La peine de mort inflig\u00e9e en 1600 par l&rsquo;Inquisition au moine et philosophe italien (ainsi qu&rsquo;\u00e0 bien d&rsquo;autres personnes accus\u00e9es d&rsquo;h\u00e9r\u00e9sie), et appliqu\u00e9e sur ce m\u00eame endroit, est pourtant indirectement \u00e0 la base du fait que le Campo de&rsquo; Fiori reste \u00e0 pr\u00e9sent la seule place de Rome sans \u00e9glises ou d&rsquo;autres lieux de culte.<\/p>\n<p>&nbsp;<\/p>\n<p style=\"text-align: center;\"><a href=\"https:\/\/fr.wikipedia.org\/wiki\/Statue_de_Giordano_Bruno\">Statue de Giordano Bruno<\/a><\/p>\n<p><img loading=\"lazy\" decoding=\"async\" class=\"size-full wp-image-16644 aligncenter\" src=\"http:\/\/oraziopuglisi.art\/wp-content\/uploads\/2025\/06\/Monumento_a_Giordano_Bruno_plaza_Campo_de_Flores_Roma_Italia_2022-09-14_DD_51.jpg\" alt=\"\" width=\"500\" height=\"1013\" srcset=\"https:\/\/oraziopuglisi.art\/wp-content\/uploads\/2025\/06\/Monumento_a_Giordano_Bruno_plaza_Campo_de_Flores_Roma_Italia_2022-09-14_DD_51.jpg 500w, https:\/\/oraziopuglisi.art\/wp-content\/uploads\/2025\/06\/Monumento_a_Giordano_Bruno_plaza_Campo_de_Flores_Roma_Italia_2022-09-14_DD_51-148x300.jpg 148w\" sizes=\"auto, (max-width: 500px) 100vw, 500px\" \/><\/p>\n<p style=\"text-align: justify;\">La\u00a0<b>statue de\u00a0<a title=\"Giordano Bruno\" href=\"https:\/\/fr.wikipedia.org\/wiki\/Giordano_Bruno\">Giordano Bruno<\/a><\/b>\u00a0est une sculpture en bronze situ\u00e9e\u00a0<a title=\"Campo de' Fiori\" href=\"https:\/\/fr.wikipedia.org\/wiki\/Campo_de%27_Fiori\">Campo de&rsquo; Fiori<\/a>\u00a0\u00e0\u00a0<a title=\"Rome\" href=\"https:\/\/fr.wikipedia.org\/wiki\/Rome\">Rome<\/a>\u00a0en\u00a0<a title=\"Italie\" href=\"https:\/\/fr.wikipedia.org\/wiki\/Italie\">Italie<\/a>, \u00e0 l&rsquo;endroit o\u00f9 le philosophe a \u00e9t\u00e9 br\u00fbl\u00e9 le\u00a0<time class=\"nowrap\" datetime=\"1600-02-17\" data-sort-value=\"1600-02-17\">17 f\u00e9vrier 1600<\/time>. La statue a \u00e9t\u00e9 r\u00e9alis\u00e9e par\u00a0<a title=\"Ettore Ferrari\" href=\"https:\/\/fr.wikipedia.org\/wiki\/Ettore_Ferrari\">Ettore Ferrari<\/a>\u00a0et a \u00e9t\u00e9 inaugur\u00e9e le\u00a0<time class=\"nowrap\" datetime=\"1889-06-09\" data-sort-value=\"1889-06-09\">9 juin 1889<\/time>.<\/p>\n<p style=\"text-align: justify;\">L&rsquo;inscription \u00e0 sa base est\u00a0:<small><span class=\"citation\">\u00ab\u00a0A BRUNO &#8211; IL SECOLO DA LUI DIVINATO &#8211; QUI DOVE IL ROGO ARSE\u00a0\u00bb<\/span><\/small><br \/>\n(\u00a0<a title=\"Fran\u00e7ais\" href=\"https:\/\/fr.wikipedia.org\/wiki\/Fran%C3%A7ais\">fran\u00e7ais<\/a>\u00a0:\u00a0<span class=\"lang-fr\" lang=\"fr\">\u00c0 Bruno &#8211; Le si\u00e8cle par lui divinis\u00e9 &#8211; Ici o\u00f9 le feu a br\u00fbl\u00e9<\/span>\u00a0)<\/p>\n<div class=\"mw-heading mw-heading2\">\n<h2 id=\"Histoire\">Histoire<\/h2>\n<\/div>\n<figure class=\"mw-default-size mw-halign-right\"><a class=\"mw-file-description\" href=\"https:\/\/commons.wikimedia.org\/wiki\/File:GiordanoBrunoStatueCampoDeFiori.jpg?uselang=fr\"><img loading=\"lazy\" decoding=\"async\" class=\"mw-file-element\" src=\"https:\/\/upload.wikimedia.org\/wikipedia\/commons\/thumb\/d\/de\/GiordanoBrunoStatueCampoDeFiori.jpg\/250px-GiordanoBrunoStatueCampoDeFiori.jpg\" srcset=\"\/\/upload.wikimedia.org\/wikipedia\/commons\/thumb\/d\/de\/GiordanoBrunoStatueCampoDeFiori.jpg\/500px-GiordanoBrunoStatueCampoDeFiori.jpg 1.5x\" width=\"250\" height=\"333\" data-file-width=\"1500\" data-file-height=\"2000\" \/><\/a><figcaption>Gros plan sur la statue.<\/figcaption><\/figure>\n<p style=\"text-align: justify;\">Le sculpteur est\u00a0<a title=\"Ettore Ferrari\" href=\"https:\/\/fr.wikipedia.org\/wiki\/Ettore_Ferrari\">Ettore Ferrari<\/a>\u00a0qui deviendra le Grand Ma\u00eetre de la\u00a0<a title=\"Grand Orient d'Italie\" href=\"https:\/\/fr.wikipedia.org\/wiki\/Grand_Orient_d%27Italie\">Grande Oriente d&rsquo;Italia<\/a>, de la\u00a0<a title=\"Franc-ma\u00e7onnerie\" href=\"https:\/\/fr.wikipedia.org\/wiki\/Franc-ma%C3%A7onnerie\">juridiction ma\u00e7onnique<\/a>\u00a0d&rsquo;Italie, \u00e9tait un partisan de l&rsquo;<a title=\"Risorgimento\" href=\"https:\/\/fr.wikipedia.org\/wiki\/Risorgimento\">unification de l&rsquo;Italie par<\/a>\u00a0rapport \u00e0 la pr\u00e9c\u00e9dente domination papale de Rome. Ses autres sculptures incluent un monument \u00e0\u00a0<a title=\"Rovigo\" href=\"https:\/\/fr.wikipedia.org\/wiki\/Rovigo\">Rovigo<\/a>, en\u00a0<a title=\"Italie\" href=\"https:\/\/fr.wikipedia.org\/wiki\/Italie\">Italie<\/a>, \u00e0\u00a0<a title=\"Giuseppe Garibaldi\" href=\"https:\/\/fr.wikipedia.org\/wiki\/Giuseppe_Garibaldi\">Giuseppe Garibaldi<\/a>, qui s&rsquo;est battu pour l&rsquo;ind\u00e9pendance italienne et a d\u00e9fendu la d\u00e9mocratie fran\u00e7aise contre l&rsquo;imp\u00e9rialisme prussien pendant la\u00a0<a title=\"Guerre franco-allemande de 1870\" href=\"https:\/\/fr.wikipedia.org\/wiki\/Guerre_franco-allemande_de_1870\">guerre franco-prussienne<\/a>, 1870-1871.<\/p>\n<p style=\"text-align: justify;\">Le 20 avril 1884, le pape\u00a0<a title=\"L\u00e9on XIII\" href=\"https:\/\/fr.wikipedia.org\/wiki\/L%C3%A9on_XIII\">L\u00e9on XIII<\/a>\u00a0publie l&rsquo;encyclique\u00a0<i><a title=\"Humanum genus\" href=\"https:\/\/fr.wikipedia.org\/wiki\/Humanum_genus\">Humanum genus<\/a><\/i>. En r\u00e9ponse, les\u00a0<a title=\"Franc-ma\u00e7onnerie\" href=\"https:\/\/fr.wikipedia.org\/wiki\/Franc-ma%C3%A7onnerie\">francs-ma\u00e7ons<\/a>\u00a0d\u00e9cid\u00e8rent de cr\u00e9er une statue du\u00a0<a title=\"Panth\u00e9isme\" href=\"https:\/\/fr.wikipedia.org\/wiki\/Panth%C3%A9isme\">panth\u00e9iste<\/a>\u00a0<a title=\"Giordano Bruno\" href=\"https:\/\/fr.wikipedia.org\/wiki\/Giordano_Bruno\">Giordano Bruno<\/a>. La statue a \u00e9t\u00e9 d\u00e9voil\u00e9e le\u00a0<time class=\"nowrap\" datetime=\"1889-06-09\" data-sort-value=\"1889-06-09\">9 juin 1889<\/time>, sur le site sur lequel Bruno a \u00e9t\u00e9 br\u00fbl\u00e9 vif pour h\u00e9r\u00e9sie le\u00a0<time class=\"nowrap\" datetime=\"1600-02-17\" data-sort-value=\"1600-02-17\">17 f\u00e9vrier 1600<\/time>, et le politicien radical\u00a0<a title=\"Giovanni Bovio\" href=\"https:\/\/fr.wikipedia.org\/wiki\/Giovanni_Bovio\">Giovanni Bovio<\/a>\u00a0a prononc\u00e9 un discours entour\u00e9 d&rsquo;une centaine de drapeaux ma\u00e7onniques. En octobre 1890, le pape L\u00e9on XIII adressa un nouvel avertissement \u00e0 l&rsquo;Italie dans son encyclique\u00a0<i>Ab Apostolici<\/i>\u00a0contre la franc-ma\u00e7onnerie<sup id=\"cite_ref-1\" class=\"reference\"><a href=\"https:\/\/fr.wikipedia.org\/wiki\/Statue_de_Giordano_Bruno#cite_note-1\"><span class=\"cite-bracket\">[<\/span>1<span class=\"cite-bracket\">]<\/span><\/a><\/sup>\u00a0; il commente le monument dans le passage suivant\u00a0:<\/p>\n<blockquote>\n<p style=\"text-align: justify;\">\u00ab\u00a0Cette \u0153uvre \u00e9minemment sectaire, l&rsquo;\u00e9rection du monument au c\u00e9l\u00e8bre apostat de Nola, qui, avec l&rsquo;aide et la faveur du gouvernement, fut promu, d\u00e9termin\u00e9 et ex\u00e9cut\u00e9 au moyen de la franc-ma\u00e7onnerie, dont les porte-parole les plus autoris\u00e9s n&rsquo;avaient pas honte de reconna\u00eetre son but et de d\u00e9clarer sa signification. Son but \u00e9tait d&rsquo;insulter la papaut\u00e9\u00a0; sa signification qu&rsquo;\u00e0 la foi catholique doit maintenant \u00eatre substitu\u00e9e la libert\u00e9 la plus absolue d&rsquo;examen, de critique, de pens\u00e9e et de conscience\u00a0: et ce que l&rsquo;on entend par un tel langage dans la bouche des sectes est bien connu<sup id=\"cite_ref-2\" class=\"reference\"><a href=\"https:\/\/fr.wikipedia.org\/wiki\/Statue_de_Giordano_Bruno#cite_note-2\"><span class=\"cite-bracket\">[<\/span>2<span class=\"cite-bracket\">]<\/span><\/a><\/sup>.\u00a0\u00bb<\/p>\n<\/blockquote>\n<div class=\"mw-heading mw-heading2\">\n<h2 id=\"Posterit\u00e9\"><span id=\"Posterit.C3.A9\"><\/span>Posterit\u00e9<\/h2>\n<\/div>\n<p style=\"text-align: justify;\">Chaque ann\u00e9e, \u00e0 l&rsquo;occasion de l&rsquo;anniversaire de son ex\u00e9cution, divers groupes de\u00a0<a title=\"Libre-pens\u00e9e\" href=\"https:\/\/fr.wikipedia.org\/wiki\/Libre-pens%C3%A9e\">libres penseurs<\/a>\u00a0\u2014\u00a0<a title=\"Franc-ma\u00e7onnerie\" href=\"https:\/\/fr.wikipedia.org\/wiki\/Franc-ma%C3%A7onnerie\">ma\u00e7ons<\/a>,\u00a0<a title=\"Ath\u00e9isme\" href=\"https:\/\/fr.wikipedia.org\/wiki\/Ath%C3%A9isme\">ath\u00e9es<\/a>,\u00a0<a title=\"Panth\u00e9isme\" href=\"https:\/\/fr.wikipedia.org\/wiki\/Panth%C3%A9isme\">panth\u00e9istes<\/a>\u00a0\u2014 se rassemblent devant le monument, et un repr\u00e9sentant de la\u00a0<a title=\"Rome\" href=\"https:\/\/fr.wikipedia.org\/wiki\/Rome\">mairie de Rome<\/a>\u00a0d\u00e9pose une couronne \u00e0 son pied<sup id=\"cite_ref-3\" class=\"reference\"><a href=\"https:\/\/fr.wikipedia.org\/wiki\/Statue_de_Giordano_Bruno#cite_note-3\"><span class=\"cite-bracket\">[<\/span>3<span class=\"cite-bracket\">]<\/span><\/a><\/sup><sup class=\"reference cite_virgule\">,<\/sup><sup id=\"cite_ref-4\" class=\"reference\"><a href=\"https:\/\/fr.wikipedia.org\/wiki\/Statue_de_Giordano_Bruno#cite_note-4\"><span class=\"cite-bracket\">[<\/span>4<span class=\"cite-bracket\">]<\/span><\/a><\/sup>.<\/p>\n<p style=\"text-align: justify;\">Une statue d&rsquo;une figure humaine allong\u00e9e debout sur la t\u00eate con\u00e7ue par Alexander Polzin repr\u00e9sentant la mort de Bruno sur le b\u00fbcher a \u00e9t\u00e9 plac\u00e9e dans la gare de\u00a0<a title=\"Potsdamer Platz\" href=\"https:\/\/fr.wikipedia.org\/wiki\/Potsdamer_Platz\">Potsdamer Platz<\/a>\u00a0\u00e0\u00a0<a title=\"Berlin\" href=\"https:\/\/fr.wikipedia.org\/wiki\/Berlin\">Berlin<\/a>, en Allemagne, le 2 mars 2008<sup id=\"cite_ref-5\" class=\"reference\"><a href=\"https:\/\/fr.wikipedia.org\/wiki\/Statue_de_Giordano_Bruno#cite_note-5\"><span class=\"cite-bracket\">[<\/span>5<span class=\"cite-bracket\">]<\/span><\/a><\/sup>.<\/p>\n<p><img loading=\"lazy\" decoding=\"async\" class=\"alignnone size-full wp-image-16634\" src=\"http:\/\/oraziopuglisi.art\/wp-content\/uploads\/2025\/06\/Place-a-cote-Palais-Farnese-1.jpeg\" alt=\"\" width=\"1440\" height=\"2560\" srcset=\"https:\/\/oraziopuglisi.art\/wp-content\/uploads\/2025\/06\/Place-a-cote-Palais-Farnese-1.jpeg 1440w, https:\/\/oraziopuglisi.art\/wp-content\/uploads\/2025\/06\/Place-a-cote-Palais-Farnese-1-169x300.jpeg 169w, https:\/\/oraziopuglisi.art\/wp-content\/uploads\/2025\/06\/Place-a-cote-Palais-Farnese-1-576x1024.jpeg 576w, https:\/\/oraziopuglisi.art\/wp-content\/uploads\/2025\/06\/Place-a-cote-Palais-Farnese-1-768x1365.jpeg 768w, https:\/\/oraziopuglisi.art\/wp-content\/uploads\/2025\/06\/Place-a-cote-Palais-Farnese-1-864x1536.jpeg 864w, https:\/\/oraziopuglisi.art\/wp-content\/uploads\/2025\/06\/Place-a-cote-Palais-Farnese-1-1152x2048.jpeg 1152w, https:\/\/oraziopuglisi.art\/wp-content\/uploads\/2025\/06\/Place-a-cote-Palais-Farnese-1-1240x2204.jpeg 1240w, https:\/\/oraziopuglisi.art\/wp-content\/uploads\/2025\/06\/Place-a-cote-Palais-Farnese-1-508x903.jpeg 508w\" sizes=\"auto, (max-width: 1440px) 100vw, 1440px\" \/> <img loading=\"lazy\" decoding=\"async\" class=\"alignnone size-full wp-image-16635\" src=\"http:\/\/oraziopuglisi.art\/wp-content\/uploads\/2025\/06\/Place-a-cote-Palais-Farnese-2.jpeg\" alt=\"\" width=\"1440\" height=\"2560\" srcset=\"https:\/\/oraziopuglisi.art\/wp-content\/uploads\/2025\/06\/Place-a-cote-Palais-Farnese-2.jpeg 1440w, https:\/\/oraziopuglisi.art\/wp-content\/uploads\/2025\/06\/Place-a-cote-Palais-Farnese-2-169x300.jpeg 169w, https:\/\/oraziopuglisi.art\/wp-content\/uploads\/2025\/06\/Place-a-cote-Palais-Farnese-2-576x1024.jpeg 576w, https:\/\/oraziopuglisi.art\/wp-content\/uploads\/2025\/06\/Place-a-cote-Palais-Farnese-2-768x1365.jpeg 768w, https:\/\/oraziopuglisi.art\/wp-content\/uploads\/2025\/06\/Place-a-cote-Palais-Farnese-2-864x1536.jpeg 864w, https:\/\/oraziopuglisi.art\/wp-content\/uploads\/2025\/06\/Place-a-cote-Palais-Farnese-2-1152x2048.jpeg 1152w, https:\/\/oraziopuglisi.art\/wp-content\/uploads\/2025\/06\/Place-a-cote-Palais-Farnese-2-1240x2204.jpeg 1240w, https:\/\/oraziopuglisi.art\/wp-content\/uploads\/2025\/06\/Place-a-cote-Palais-Farnese-2-508x903.jpeg 508w\" sizes=\"auto, (max-width: 1440px) 100vw, 1440px\" \/><\/p>\n","protected":false},"excerpt":{"rendered":"<p>Campo dei Fiori Le\u00a0Campo de\u2019 Fiori\u00a0(litt\u00e9ralement le \u00ab\u00a0champ des fleurs\u00a0\u00bb) est une place de\u00a0Rome. Son nom viendrait du fait qu&rsquo;\u00e0 cet endroit m\u00eame, au\u00a0Moyen \u00c2ge, existait une vaste\u00a0prairie\u00a0domin\u00e9e par la forteresse de la puissante\u00a0famille Orsini. Cette place tr\u00e8s achaland\u00e9e est situ\u00e9e entre la\u00a0Piazza Navona\u00a0et le\u00a0Palais Farnese. Le Campo de&rsquo; Fiori s&rsquo;\u00e9tendait jadis jusqu&rsquo;au terrain devant [&hellip;]<\/p>\n","protected":false},"author":1,"featured_media":16637,"parent":0,"menu_order":0,"comment_status":"closed","ping_status":"closed","template":"","meta":{"footnotes":""},"class_list":["post-16517","page","type-page","status-publish","has-post-thumbnail","hentry"],"_links":{"self":[{"href":"https:\/\/oraziopuglisi.art\/index.php\/wp-json\/wp\/v2\/pages\/16517","targetHints":{"allow":["GET"]}}],"collection":[{"href":"https:\/\/oraziopuglisi.art\/index.php\/wp-json\/wp\/v2\/pages"}],"about":[{"href":"https:\/\/oraziopuglisi.art\/index.php\/wp-json\/wp\/v2\/types\/page"}],"author":[{"embeddable":true,"href":"https:\/\/oraziopuglisi.art\/index.php\/wp-json\/wp\/v2\/users\/1"}],"replies":[{"embeddable":true,"href":"https:\/\/oraziopuglisi.art\/index.php\/wp-json\/wp\/v2\/comments?post=16517"}],"version-history":[{"count":11,"href":"https:\/\/oraziopuglisi.art\/index.php\/wp-json\/wp\/v2\/pages\/16517\/revisions"}],"predecessor-version":[{"id":16647,"href":"https:\/\/oraziopuglisi.art\/index.php\/wp-json\/wp\/v2\/pages\/16517\/revisions\/16647"}],"wp:featuredmedia":[{"embeddable":true,"href":"https:\/\/oraziopuglisi.art\/index.php\/wp-json\/wp\/v2\/media\/16637"}],"wp:attachment":[{"href":"https:\/\/oraziopuglisi.art\/index.php\/wp-json\/wp\/v2\/media?parent=16517"}],"curies":[{"name":"wp","href":"https:\/\/api.w.org\/{rel}","templated":true}]}}