{"id":16515,"date":"2025-06-09T20:48:02","date_gmt":"2025-06-09T18:48:02","guid":{"rendered":"https:\/\/oraziopuglisi.art\/?page_id=16515"},"modified":"2025-09-10T10:48:27","modified_gmt":"2025-09-10T08:48:27","slug":"eglise-jubilaire-sainte-brigitte-de-suede-place-palais-farnese","status":"publish","type":"page","link":"https:\/\/oraziopuglisi.art\/index.php\/eglise-jubilaire-sainte-brigitte-de-suede-place-palais-farnese\/","title":{"rendered":"Eglise Jubilaire Sainte Brigitte de Su\u00e8de Place Palais Farn\u00e8se"},"content":{"rendered":"<p style=\"text-align: center;\"><a href=\"https:\/\/fr.wikipedia.org\/wiki\/%C3%89glise_Santa_Brigida_(Rome)\">Eglise Jubilaire Sainte Brigitte de Su\u00e8de Place Palais Farn\u00e8se<\/a><\/p>\n<p style=\"text-align: center;\">Tr\u00e8s belle surprise sur la place du Palais Farn\u00e8se<\/p>\n<p style=\"text-align: center;\">Aussi petite que pleine de charme<\/p>\n<p>&nbsp;<\/p>\n<p style=\"text-align: justify;\"><b>Santa Brigida<\/b>\u00a0est l&rsquo;\u00e9glise d&rsquo;un couvent situ\u00e9e dans le rione de Regola, d\u00e9di\u00e9e \u00e0 sainte\u00a0<a title=\"Brigitte de Su\u00e8de\" href=\"https:\/\/fr.wikipedia.org\/wiki\/Brigitte_de_Su%C3%A8de\">Brigitte de Su\u00e8de<\/a>\u00a0et est l&rsquo;<a class=\"mw-redirect\" title=\"\u00c9glises nationales (Rome)\" href=\"https:\/\/fr.wikipedia.org\/wiki\/%C3%89glises_nationales_(Rome)\">\u00e9glise nationale<\/a>\u00a0des su\u00e9dois de\u00a0<a title=\"Rome\" href=\"https:\/\/fr.wikipedia.org\/wiki\/Rome\">Rome<\/a>. L&rsquo;\u00e9difice \u00e9tait aussi connu comme\u00a0<i>Santa Brigida in Campo de&rsquo; Fiori<\/i>, car il a \u00e9t\u00e9 construit sur ce qui \u00e9tait alors une partie du\u00a0<a title=\"Campo de' Fiori\" href=\"https:\/\/fr.wikipedia.org\/wiki\/Campo_de%27_Fiori\">Campo de&rsquo; Fiori<\/a>\u00a0, maintenant\u00a0<a title=\"Palais Farn\u00e8se\" href=\"https:\/\/fr.wikipedia.org\/wiki\/Palais_Farn%C3%A8se\">Piazza Farnese<\/a>.<\/p>\n<p><img loading=\"lazy\" decoding=\"async\" class=\"size-full wp-image-16630 aligncenter\" src=\"http:\/\/oraziopuglisi.art\/wp-content\/uploads\/2025\/06\/Regola_-_S._Brigida.jpg\" alt=\"\" width=\"500\" height=\"375\" srcset=\"https:\/\/oraziopuglisi.art\/wp-content\/uploads\/2025\/06\/Regola_-_S._Brigida.jpg 500w, https:\/\/oraziopuglisi.art\/wp-content\/uploads\/2025\/06\/Regola_-_S._Brigida-300x225.jpg 300w\" sizes=\"auto, (max-width: 500px) 100vw, 500px\" \/><\/p>\n<p style=\"text-align: justify;\">Un premier b\u00e2timent est \u00e9rig\u00e9 au cours du pontificat de\u00a0<a title=\"Boniface IX\" href=\"https:\/\/fr.wikipedia.org\/wiki\/Boniface_IX\">Boniface IX<\/a>\u00a0(1389-1404), mais il a \u00e9t\u00e9 abandonn\u00e9 par la suite. En 1513, Peder M\u00e5nsson,\u00a0<a title=\"\u00c9v\u00eaque\" href=\"https:\/\/fr.wikipedia.org\/wiki\/%C3%89v%C3%AAque\">\u00e9v\u00eaque<\/a>\u00a0de\u00a0<a title=\"V\u00e4ster\u00e5s\" href=\"https:\/\/fr.wikipedia.org\/wiki\/V%C3%A4ster%C3%A5s\">V\u00e4ster\u00e5s<\/a>, en Su\u00e8de, fait \u00e9riger une nouvelle \u00e9glise qui\u00a0a \u00e9t\u00e9 officiellement accord\u00e9e \u00e0 l&rsquo;\u00c9v\u00eaque d&rsquo;<a title=\"Uppsala\" href=\"https:\/\/fr.wikipedia.org\/wiki\/Uppsala\">Uppsala<\/a>\u00a0par le Pape\u00a0<a title=\"Paul III\" href=\"https:\/\/fr.wikipedia.org\/wiki\/Paul_III\">Paul III<\/a>\u00a0(1534-1549).<\/p>\n<p>&nbsp;<\/p>\n<p><img loading=\"lazy\" decoding=\"async\" class=\"alignnone size-full wp-image-16631\" src=\"http:\/\/oraziopuglisi.art\/wp-content\/uploads\/2025\/06\/Regola_-_s_Birgitta_soffitto_1160017.jpg\" alt=\"\" width=\"960\" height=\"1280\" srcset=\"https:\/\/oraziopuglisi.art\/wp-content\/uploads\/2025\/06\/Regola_-_s_Birgitta_soffitto_1160017.jpg 960w, https:\/\/oraziopuglisi.art\/wp-content\/uploads\/2025\/06\/Regola_-_s_Birgitta_soffitto_1160017-225x300.jpg 225w, https:\/\/oraziopuglisi.art\/wp-content\/uploads\/2025\/06\/Regola_-_s_Birgitta_soffitto_1160017-768x1024.jpg 768w, https:\/\/oraziopuglisi.art\/wp-content\/uploads\/2025\/06\/Regola_-_s_Birgitta_soffitto_1160017-508x677.jpg 508w\" sizes=\"auto, (max-width: 960px) 100vw, 960px\" \/><\/p>\n<p style=\"text-align: center;\"><span style=\"font-size: 10px;\">Fresque Santa-Brigida en gloire\u00a0plafond de\u00a0<a title=\"Biagio Puccini\" href=\"https:\/\/fr.wikipedia.org\/wiki\/Biagio_Puccini\">Biagio Puccini<\/a>.<\/span><\/p>\n<p style=\"text-align: justify;\">L&rsquo;\u00e9glise a \u00e9t\u00e9 restaur\u00e9e au d\u00e9but du\u00a0<abbr class=\"abbr\" title=\"18\u1d49 si\u00e8cle\"><span class=\"romain\">XVIII<\/span><sup>e<\/sup><\/abbr>\u00a0si\u00e8cle par le Pape\u00a0<a title=\"Cl\u00e9ment XI\" href=\"https:\/\/fr.wikipedia.org\/wiki\/Cl%C3%A9ment_XI\">Cl\u00e9ment XI<\/a>\u00a0 (1700-1721).<\/p>\n<p style=\"text-align: justify;\">En 1828, le Pape\u00a0<a title=\"L\u00e9on XII\" href=\"https:\/\/fr.wikipedia.org\/wiki\/L%C3%A9on_XII\">L\u00e9on XII<\/a>\u00a0a donn\u00e9 le couvent et l&rsquo;\u00e9glise aux Chanoines de\u00a0<a title=\"Basilique Sainte-Marie-du-Trastevere\" href=\"https:\/\/fr.wikipedia.org\/wiki\/Basilique_Sainte-Marie-du-Trastevere\">Santa Maria in Trastevere<\/a>. \u00a0Comme ils n&rsquo;ont pas les moyens de la restaurer, ils la c\u00e8dent en 1855 \u00e0 la\u00a0<a title=\"Congr\u00e9gation de Sainte-Croix\" href=\"https:\/\/fr.wikipedia.org\/wiki\/Congr%C3%A9gation_de_Sainte-Croix\">Congr\u00e9gation de Sainte-Croix<\/a>, congr\u00e9gation fran\u00e7aise qui\u00a0restaur\u00e9 l&rsquo;\u00e9glise et les chambres de Sainte-Brigitte (1857-1858).<\/p>\n<p style=\"text-align: justify;\">Le propri\u00e9taire suivant est un polonais de la branche de l&rsquo;Ordre des Carmes, auquel le couvent et l&rsquo;\u00e9glise est donn\u00e9 en 1889 et\u00a0ceci jusqu&rsquo;en 1930, quand il est remis \u00e0 l&rsquo;<a title=\"Ordre de Sainte-Brigitte\" href=\"https:\/\/fr.wikipedia.org\/wiki\/Ordre_de_Sainte-Brigitte\">Ordre de Sainte-Brigitte<\/a>.<\/p>\n<p style=\"text-align: justify;\">Les peintures de l&rsquo;\u00e9glise ont \u00e9t\u00e9 restaur\u00e9es avant le jubil\u00e9 de l&rsquo;ordre de Sainte-Brigitte en 1991.<\/p>\n<p>&nbsp;<\/p>\n<div style=\"width: 600px;\" class=\"wp-video\"><video class=\"wp-video-shortcode\" id=\"video-16515-1\" width=\"600\" height=\"1067\" preload=\"metadata\" controls=\"controls\"><source type=\"video\/mp4\" src=\"http:\/\/oraziopuglisi.art\/wp-content\/uploads\/2025\/06\/VID-20250607-WA0040.mp4?_=1\" \/><a href=\"http:\/\/oraziopuglisi.art\/wp-content\/uploads\/2025\/06\/VID-20250607-WA0040.mp4\">http:\/\/oraziopuglisi.art\/wp-content\/uploads\/2025\/06\/VID-20250607-WA0040.mp4<\/a><\/video><\/div>\n<p>&nbsp;<\/p>\n<p>&nbsp;<\/p>\n<p>&nbsp;<\/p>\n<p>&nbsp;<\/p>\n<div style=\"width: 600px;\" class=\"wp-video\"><video class=\"wp-video-shortcode\" id=\"video-16515-2\" width=\"600\" height=\"1067\" preload=\"metadata\" controls=\"controls\"><source type=\"video\/mp4\" src=\"http:\/\/oraziopuglisi.art\/wp-content\/uploads\/2025\/06\/VID-20250607-WA0036.mp4?_=2\" \/><a href=\"http:\/\/oraziopuglisi.art\/wp-content\/uploads\/2025\/06\/VID-20250607-WA0036.mp4\">http:\/\/oraziopuglisi.art\/wp-content\/uploads\/2025\/06\/VID-20250607-WA0036.mp4<\/a><\/video><\/div>\n<p>&nbsp;<\/p>\n<p>&nbsp;<\/p>\n<p>&nbsp;<\/p>\n<p>&nbsp;<\/p>\n<div style=\"width: 600px;\" class=\"wp-video\"><video class=\"wp-video-shortcode\" id=\"video-16515-3\" width=\"600\" height=\"1067\" preload=\"metadata\" controls=\"controls\"><source type=\"video\/mp4\" src=\"http:\/\/oraziopuglisi.art\/wp-content\/uploads\/2025\/06\/VID-20250607-WA0037.mp4?_=3\" \/><a href=\"http:\/\/oraziopuglisi.art\/wp-content\/uploads\/2025\/06\/VID-20250607-WA0037.mp4\">http:\/\/oraziopuglisi.art\/wp-content\/uploads\/2025\/06\/VID-20250607-WA0037.mp4<\/a><\/video><\/div>\n<p>&nbsp;<\/p>\n<p>&nbsp;<\/p>\n<p>&nbsp;<\/p>\n","protected":false},"excerpt":{"rendered":"<p>Eglise Jubilaire Sainte Brigitte de Su\u00e8de Place Palais Farn\u00e8se Tr\u00e8s belle surprise sur la place du Palais Farn\u00e8se Aussi petite que pleine de charme &nbsp; Santa Brigida\u00a0est l&rsquo;\u00e9glise d&rsquo;un couvent situ\u00e9e dans le rione de Regola, d\u00e9di\u00e9e \u00e0 sainte\u00a0Brigitte de Su\u00e8de\u00a0et est l&rsquo;\u00e9glise nationale\u00a0des su\u00e9dois de\u00a0Rome. L&rsquo;\u00e9difice \u00e9tait aussi connu comme\u00a0Santa Brigida in Campo de&rsquo; [&hellip;]<\/p>\n","protected":false},"author":1,"featured_media":16633,"parent":0,"menu_order":0,"comment_status":"closed","ping_status":"closed","template":"","meta":{"footnotes":""},"class_list":["post-16515","page","type-page","status-publish","has-post-thumbnail","hentry"],"_links":{"self":[{"href":"https:\/\/oraziopuglisi.art\/index.php\/wp-json\/wp\/v2\/pages\/16515","targetHints":{"allow":["GET"]}}],"collection":[{"href":"https:\/\/oraziopuglisi.art\/index.php\/wp-json\/wp\/v2\/pages"}],"about":[{"href":"https:\/\/oraziopuglisi.art\/index.php\/wp-json\/wp\/v2\/types\/page"}],"author":[{"embeddable":true,"href":"https:\/\/oraziopuglisi.art\/index.php\/wp-json\/wp\/v2\/users\/1"}],"replies":[{"embeddable":true,"href":"https:\/\/oraziopuglisi.art\/index.php\/wp-json\/wp\/v2\/comments?post=16515"}],"version-history":[{"count":8,"href":"https:\/\/oraziopuglisi.art\/index.php\/wp-json\/wp\/v2\/pages\/16515\/revisions"}],"predecessor-version":[{"id":18647,"href":"https:\/\/oraziopuglisi.art\/index.php\/wp-json\/wp\/v2\/pages\/16515\/revisions\/18647"}],"wp:featuredmedia":[{"embeddable":true,"href":"https:\/\/oraziopuglisi.art\/index.php\/wp-json\/wp\/v2\/media\/16633"}],"wp:attachment":[{"href":"https:\/\/oraziopuglisi.art\/index.php\/wp-json\/wp\/v2\/media?parent=16515"}],"curies":[{"name":"wp","href":"https:\/\/api.w.org\/{rel}","templated":true}]}}